{"id":6952,"date":"2020-02-05T09:36:09","date_gmt":"2020-02-05T09:36:09","guid":{"rendered":"https:\/\/www.badvigaun.com\/faq\/"},"modified":"2020-02-05T09:36:09","modified_gmt":"2020-02-05T09:36:09","slug":"faq","status":"publish","type":"page","link":"https:\/\/www.badvigaun.com\/en\/reha\/infobereich\/faq\/","title":{"rendered":"FAQ Reha"},"content":{"rendered":"\r\n\r\n<div id=\"titelbild-block_5e60cd89f1db7\" class=\"titelbild alignfull has-reha-border-color\">\r\n        <img decoding=\"async\" src=\"https:\/\/www.badvigaun.com\/wp-content\/uploads\/header-reha-1-1920x800.jpg\" alt=\"Reha im Medizinischen Zentrum Bad Vigaun\" style=\"object-position: 80% 40%\" \/>\r\n<\/div>\r\n\r\n    <div id=\"cat-label\" class=\"has-reha-background-color\">\r\n        <p>Reha<\/p>\r\n    <\/div>\r\n\n\n\r\n<div class=\"wp-block-group center seitentitel alignfull\">\r\n    <div class=\"wp-block-group__inner-container\">\r\n                                <h2>Reha in Bad Vigaun<\/h2>\r\n                    <h1>H\u00e4ufig gestellte Fragen zur Reha<\/h1>\r\n    <\/div>\r\n<\/div>\n\n\n<h2 class=\"wp-block-heading\">Wer hat\nAnspruch auf Rehabilitation?<\/h2>\n\n\n\n<p>Jeder Versicherte kann nach operativen Eingriffen oder Erkrankungen eine Rehabilitation beantragen. Auch bei degenerativen Erkrankungen des Bewegungs- und St\u00fctzapparates werden Rehabilitationsaufenthalte zur Vermeidung einer Berufsunf\u00e4higkeit bzw. einer Pflegebed\u00fcrftigkeit bewilligt. Der zust\u00e4ndige Kostentr\u00e4ger ist in der Regel Ihr Pensionsversicherungstr\u00e4ger, bei mitversicherten Angeh\u00f6rigen der Krankenversicherungstr\u00e4ger.<\/p>\n\n\n\n<p>Alle Informationen zum Spezialgebiet \u201e<a href=\"https:\/\/www.badvigaun.com\/en\/lymphologische-reha\/\">Lymphologische Rehabilitation<\/a>\u201c entnehmen Sie bitte der gleichnamigen Kategorie.<\/p>\n\n\n\n<h2 class=\"wp-block-heading\">Wie lange dauert eine Rehabilitation?<\/h2>\n\n\n\n<p>Die Rehabilitationsdauer betr\u00e4gt 22 Tage. Aus medizinischen\nGr\u00fcnden kann die Verl\u00e4ngerung Ihres Aufenthaltes beantragt werden.<\/p>\n\n\n\n<p>Abkommen \u00fcber die Gew\u00e4hrung eines mindestens dreiw\u00f6chigen\nRehabilitationsaufenthaltes bestehen mit folgenden Versicherungstr\u00e4gern:<\/p>\n\n\n\n<ul class=\"wp-block-list\"><li>PV (Pensionsversicherung der Arbeiter und Angestellten)<\/li><li>BVAEB (Versicherungsanstalt \u00f6ffentlich Bediensteter &amp; Eisenbahn und Bergbau)<\/li><li>SVS (Sozialversicherungsanstalt der Selbstst\u00e4ndigen und Bauern)<\/li><li>\u00d6GK (\u00d6sterreichische Gesundheitskasse)<\/li><li>KFA (Krankenf\u00fcrsorgeanstalten Zuschuss von Salzburg, Hallein und Villach)<\/li><li>Magistrat der Stadt Bregenz<\/li><li>KUF (Amt der Tiroler Landesregierung Kranken- und Unfallversicherung) <\/li><li>KUF (Tiroler Gemeindebedienstete)<\/li><li>KFL (Krankenf\u00fcrsorge f. O\u00d6 Landesbeamte)<\/li><li>KFS (Krankenf\u00fcrsorge der Beamten der Stadt Linz)<\/li><li>KFA (Krankenf\u00fcrsorge der Beamten Baden) <\/li><li>KUF (Lehrer-Kranken- &amp; Unfallversicherung O\u00d6)<\/li><\/ul>\n\n\n\n<h2 class=\"wp-block-heading\">Wie stelle\nich einen Antrag zur Rehabilitation?<\/h2>\n\n\n\n<p>Den Antrag zur Rehabilitation an den Kostentr\u00e4ger muss der behandelnde Arzt fr\u00fchzeitig stellen, um eine m\u00f6glichst rasche Aufnahme in das Rehabilitationszentrum zu gew\u00e4hrleisten. Sprechen Sie mit Ihrem behandelnden Arzt, er wird f\u00fcr Sie den Antrag zur Rehabilitation an den zust\u00e4ndigen Kostentr\u00e4ger stellen.<\/p>\n\n\n\n<h2 class=\"wp-block-heading\">Wie ist das weitere Vorgehen?<\/h2>\n\n\n\n<p>Nach Genehmigung des Antrags zur Rehabilitation durch den Kostentr\u00e4ger erhalten Sie von uns in einem Schreiben alle Informationen zum Antritt der Rehabilitation.<\/p>\n\n\n\n<h2 class=\"wp-block-heading\">Was muss ich f\u00fcr meinen Rehabilitationsaufenthalt mitbringen?<\/h2>\n\n\n\n<p>Bei Antritt des Rehabilitationsaufenthaltes sollten Sie folgende\nUnterlagen mitbringen und der behandelnden \u00c4rztin\/dem behandelnden Arzt bei der\nAnfangsuntersuchung vorlegen:<\/p>\n\n\n\n<ul class=\"wp-block-list\"><li>Arztbrief      <\/li><li>Operationsbericht<\/li><li>Ggf. aktuelle R\u00f6ntgenbilder des zu rehabilitierenden Bereiches<\/li><\/ul>\n\n\n\n<p>Sollten Sie in unserer Privatklinik behandelt worden sein, liegen\nuns diese Unterlagen bereits vor.<\/p>\n\n\n\n<h2 class=\"wp-block-heading\">Was passiert nach der Rehabilitation?<\/h2>\n\n\n\n<p>Nach Beendigung der Rehabilitation wird Ihnen pers\u00f6nlich sowie dem zust\u00e4ndigen Versicherungstr\u00e4ger ein Entlassungsbericht zugesandt.<\/p>\n","protected":false},"excerpt":{"rendered":"<p>Wer hat Anspruch auf Rehabilitation? Jeder Versicherte kann nach operativen Eingriffen oder Erkrankungen eine Rehabilitation beantragen. Auch bei degenerativen Erkrankungen des Bewegungs- und St\u00fctzapparates werden Rehabilitationsaufenthalte zur Vermeidung&hellip;<\/p>\n","protected":false},"author":17,"featured_media":0,"parent":6956,"menu_order":2,"comment_status":"closed","ping_status":"closed","template":"template-dp-full-width.php","meta":{"_acf_changed":false,"footnotes":""},"class_list":["post-6952","page","type-page","status-publish","has-post-thumbnail","hentry"],"acf":[],"publishpress_future_action":{"enabled":false,"date":"2026-05-09 10:54:22","action":"change-status","newStatus":"draft","terms":[],"taxonomy":"translation_priority","extraData":[]},"publishpress_future_workflow_manual_trigger":{"enabledWorkflows":[]},"_links":{"self":[{"href":"https:\/\/www.badvigaun.com\/en\/wp-json\/wp\/v2\/pages\/6952","targetHints":{"allow":["GET"]}}],"collection":[{"href":"https:\/\/www.badvigaun.com\/en\/wp-json\/wp\/v2\/pages"}],"about":[{"href":"https:\/\/www.badvigaun.com\/en\/wp-json\/wp\/v2\/types\/page"}],"author":[{"embeddable":true,"href":"https:\/\/www.badvigaun.com\/en\/wp-json\/wp\/v2\/users\/17"}],"replies":[{"embeddable":true,"href":"https:\/\/www.badvigaun.com\/en\/wp-json\/wp\/v2\/comments?post=6952"}],"version-history":[{"count":0,"href":"https:\/\/www.badvigaun.com\/en\/wp-json\/wp\/v2\/pages\/6952\/revisions"}],"up":[{"embeddable":true,"href":"https:\/\/www.badvigaun.com\/en\/wp-json\/wp\/v2\/pages\/6956"}],"wp:attachment":[{"href":"https:\/\/www.badvigaun.com\/en\/wp-json\/wp\/v2\/media?parent=6952"}],"curies":[{"name":"wp","href":"https:\/\/api.w.org\/{rel}","templated":true}]}}