{"id":6942,"date":"2020-02-05T09:48:07","date_gmt":"2020-02-05T09:48:07","guid":{"rendered":"https:\/\/www.badvigaun.com\/aerzteteam\/"},"modified":"2023-03-23T16:20:41","modified_gmt":"2023-03-23T15:20:41","slug":"aerzteteam","status":"publish","type":"page","link":"https:\/\/www.badvigaun.com\/en\/gva\/aerzteteam\/","title":{"rendered":"\u00c4rzteteam der GVA"},"content":{"rendered":"\r\n\r\n<div id=\"titelbild-block_5e60db4119688\" class=\"titelbild alignfull has-gva-border-color\">\r\n        <img decoding=\"async\" src=\"https:\/\/www.badvigaun.com\/wp-content\/uploads\/header-gva-1-1920x800.jpg\" alt=\"Gesundheitsvorsorge Aktiv im Medizinischen Zentrum Bad Vigaun\" style=\"object-position: 60% 20%\" \/>\r\n<\/div>\r\n\r\n    <div id=\"cat-label\" class=\"has-gva-background-color\">\r\n        <p>GVA<\/p>\r\n    <\/div>\r\n\n\n\r\n<div class=\"wp-block-group center seitentitel alignfull\">\r\n    <div class=\"wp-block-group__inner-container\">\r\n                                <h2>GVA<\/h2>\r\n                    <h1>\u00c4rzteteam der GVA<\/h1>\r\n    <\/div>\r\n<\/div>\n\n    <div class=\"mitarbeiter-wrapper\">\r\n                    <div class=\"mitarbeiter-item\" data-aos=\"fade-up\" data-aos-duration=\"600\" data-aos-anchor-placement=\"top-center\">\r\n\r\n                    \t\t\t\t\t\t<div class=\"mitarbeiter-image\">\r\n\t\t\t\t\t\t\t<img decoding=\"async\" width=\"600\" height=\"900\" src=\"https:\/\/www.badvigaun.com\/wp-content\/uploads\/Hutt_Hildebert_DSC6711-600x900.jpg\" class=\"attachment-thumbnail-portrait size-thumbnail-portrait wp-post-image\" alt=\"Primar Hildebert Hutt, \u00c4rztlicher Leiter Reha\" \/>\t\t\t\t\t\t<\/div>\r\n\t\t\t\t\t                    <div class=\"mitarbeiter-info\">\r\n                        <div class=\"mitarbeiter-title\">\r\n                            <h2>Prim. Dr. Hildebert Hutt<\/h2>\r\n                        <\/div>\r\n                        <div class=\"mitarbeiter-job\">\r\n                            <h3 class=\"heading-size-4\">\u00c4rztlicher Leiter REHA, GVA, Kur, Ambulatorium, Facharzt f\u00fcr Orthop\u00e4die und orthop\u00e4dische Chirurgie (Rheumatologie, Sportmedizin)<\/h3>\r\n                        <\/div>\r\n                                                    <div class=\"wp-block-button is-style-outline\">\r\n                                <a class=\"wp-block-button__link mitarbeiter-link\" href=\"https:\/\/www.badvigaun.com\/en\/mitarbeiter\/prim-dr-hildebert-hutt\/\" title=\"Prim. Dr. Hildebert Hutt\">Mehr Infos<\/a>\r\n                            <\/div>\r\n                                                                            <div class=\"mitarbeiter-contact\">\r\n                                <h3>Registration &#038; Information <\/h3>\r\n                                <p>Kontaktperson: Frau Silke Leitner<br \/>\nTel.: +43(0)6245\/8999-673<br \/>\nE-Mail:\u00a0<a href=\"mailto:silke.leitner@badvigaun.com\">silke.leitner@badvigaun.com<\/a><\/p>\n                            <\/div>\r\n                                            <\/div>\r\n\r\n            <\/div>\r\n                    <div class=\"mitarbeiter-item\" data-aos=\"fade-up\" data-aos-duration=\"600\" data-aos-anchor-placement=\"top-center\">\r\n\r\n                    \t\t\t\t\t\t<div class=\"mitarbeiter-image\">\r\n\t\t\t\t\t\t\t<img decoding=\"async\" width=\"600\" height=\"900\" src=\"https:\/\/www.badvigaun.com\/wp-content\/uploads\/Akhgar_Joachim_Kurarzt_Z728416-600x900.jpg\" class=\"attachment-thumbnail-portrait size-thumbnail-portrait wp-post-image\" alt=\"Dr. Joachim Akhgar\" \/>\t\t\t\t\t\t<\/div>\r\n\t\t\t\t\t                    <div class=\"mitarbeiter-info\">\r\n                        <div class=\"mitarbeiter-title\">\r\n                            <h2>Dr. Joachim Akhgar<\/h2>\r\n                        <\/div>\r\n                        <div class=\"mitarbeiter-job\">\r\n                            <h3 class=\"heading-size-4\">Facharzt f\u00fcr Allgemeinmedizin und Familienmedizin<\/h3>\r\n                        <\/div>\r\n                                                    <div class=\"wp-block-button is-style-outline\">\r\n                                <a class=\"wp-block-button__link mitarbeiter-link\" href=\"https:\/\/www.badvigaun.com\/en\/mitarbeiter\/dr-joachim-akhgar\/\" title=\"Dr. Joachim Akhgar\">Mehr Infos<\/a>\r\n                            <\/div>\r\n                                                                    <\/div>\r\n\r\n            <\/div>\r\n                    <div class=\"mitarbeiter-item\" data-aos=\"fade-up\" data-aos-duration=\"600\" data-aos-anchor-placement=\"top-center\">\r\n\r\n                    \t\t\t\t\t\t<div class=\"mitarbeiter-image\">\r\n\t\t\t\t\t\t\t<img decoding=\"async\" width=\"500\" height=\"751\" src=\"https:\/\/www.badvigaun.com\/wp-content\/uploads\/marion-braumann-1.jpg\" class=\"attachment-thumbnail-portrait size-thumbnail-portrait wp-post-image\" alt=\"Marion Braumann\" srcset=\"https:\/\/www.badvigaun.com\/wp-content\/uploads\/marion-braumann-1.jpg 500w, https:\/\/www.badvigaun.com\/wp-content\/uploads\/marion-braumann-1-200x300.jpg 200w\" sizes=\"(max-width: 500px) 100vw, 500px\" \/>\t\t\t\t\t\t<\/div>\r\n\t\t\t\t\t                    <div class=\"mitarbeiter-info\">\r\n                        <div class=\"mitarbeiter-title\">\r\n                            <h2>Dr. Marion Braumann<\/h2>\r\n                        <\/div>\r\n                        <div class=\"mitarbeiter-job\">\r\n                            <h3 class=\"heading-size-4\">Fach\u00e4rztin f\u00fcr Allgemeinmedizin und Familienmedizin<\/h3>\r\n                        <\/div>\r\n                                                    <div class=\"wp-block-button is-style-outline\">\r\n                                <a class=\"wp-block-button__link mitarbeiter-link\" href=\"https:\/\/www.badvigaun.com\/en\/mitarbeiter\/dr-marion-braumann\/\" title=\"Dr. Marion Braumann\">Mehr Infos<\/a>\r\n                            <\/div>\r\n                                                                    <\/div>\r\n\r\n            <\/div>\r\n                    <div class=\"mitarbeiter-item\" data-aos=\"fade-up\" data-aos-duration=\"600\" data-aos-anchor-placement=\"top-center\">\r\n\r\n                    \t\t\t\t\t\t<div class=\"mitarbeiter-image\">\r\n\t\t\t\t\t\t\t<img decoding=\"async\" width=\"500\" height=\"722\" src=\"https:\/\/www.badvigaun.com\/wp-content\/uploads\/lothar-dueckelmann-1.jpg\" class=\"attachment-thumbnail-portrait size-thumbnail-portrait wp-post-image\" alt=\"Lothar D\u00fcckelmann\" srcset=\"https:\/\/www.badvigaun.com\/wp-content\/uploads\/lothar-dueckelmann-1.jpg 500w, https:\/\/www.badvigaun.com\/wp-content\/uploads\/lothar-dueckelmann-1-208x300.jpg 208w\" sizes=\"(max-width: 500px) 100vw, 500px\" \/>\t\t\t\t\t\t<\/div>\r\n\t\t\t\t\t                    <div class=\"mitarbeiter-info\">\r\n                        <div class=\"mitarbeiter-title\">\r\n                            <h2>Dr. Lothar D\u00fcckelmann<\/h2>\r\n                        <\/div>\r\n                        <div class=\"mitarbeiter-job\">\r\n                            <h3 class=\"heading-size-4\">Facharzt f\u00fcr Orthop\u00e4die und orthop\u00e4dische Chirurgie<\/h3>\r\n                        <\/div>\r\n                                                    <div class=\"wp-block-button is-style-outline\">\r\n                                <a class=\"wp-block-button__link mitarbeiter-link\" href=\"https:\/\/www.badvigaun.com\/en\/mitarbeiter\/dr-lothar-dueckelmann\/\" title=\"Dr. Lothar D\u00fcckelmann\">Mehr Infos<\/a>\r\n                            <\/div>\r\n                                                                            <div class=\"mitarbeiter-contact\">\r\n                                <h3>Registration &#038; Information <\/h3>\r\n                                <p>Kontaktperson: Frau Silke Leitner<br \/>\nTel.: +43(0)6245\/8999-673<br \/>\nE-Mail:\u00a0<a href=\"mailto:silke.leitner@badvigaun.com\">silke.leitner@badvigaun.com<\/a><\/p>\n                            <\/div>\r\n                                            <\/div>\r\n\r\n            <\/div>\r\n                    <div class=\"mitarbeiter-item\" data-aos=\"fade-up\" data-aos-duration=\"600\" data-aos-anchor-placement=\"top-center\">\r\n\r\n                    \t\t\t\t\t\t<div class=\"mitarbeiter-image\">\r\n\t\t\t\t\t\t\t<img decoding=\"async\" width=\"600\" height=\"900\" src=\"https:\/\/www.badvigaun.com\/wp-content\/uploads\/Germanavicius_Ignas_Dr_Z729036-600x900.jpg\" class=\"attachment-thumbnail-portrait size-thumbnail-portrait wp-post-image\" alt=\"Dr. Ignas Germanavicius\" \/>\t\t\t\t\t\t<\/div>\r\n\t\t\t\t\t                    <div class=\"mitarbeiter-info\">\r\n                        <div class=\"mitarbeiter-title\">\r\n                            <h2>Dr. Ignas Germanavicius<\/h2>\r\n                        <\/div>\r\n                        <div class=\"mitarbeiter-job\">\r\n                            <h3 class=\"heading-size-4\">Arzt f\u00fcr Allgemeinmedizin<\/h3>\r\n                        <\/div>\r\n                                                    <div class=\"wp-block-button is-style-outline\">\r\n                                <a class=\"wp-block-button__link mitarbeiter-link\" href=\"https:\/\/www.badvigaun.com\/en\/mitarbeiter\/dr-ignas-germanavicius\/\" title=\"Dr. Ignas Germanavicius\">Mehr Infos<\/a>\r\n                            <\/div>\r\n                                                                    <\/div>\r\n\r\n            <\/div>\r\n                    <div class=\"mitarbeiter-item\" data-aos=\"fade-up\" data-aos-duration=\"600\" data-aos-anchor-placement=\"top-center\">\r\n\r\n                    \t\t\t\t\t\t<div class=\"mitarbeiter-image\">\r\n\t\t\t\t\t\t\t<img decoding=\"async\" width=\"600\" height=\"900\" src=\"https:\/\/www.badvigaun.com\/wp-content\/uploads\/Wolfgang_Gilhofer_2021_cr_MedZent_BadVigaun-600x900.jpg\" class=\"attachment-thumbnail-portrait size-thumbnail-portrait wp-post-image\" alt=\"Dr. Wolfgang Alexander Gilhofer\" \/>\t\t\t\t\t\t<\/div>\r\n\t\t\t\t\t                    <div class=\"mitarbeiter-info\">\r\n                        <div class=\"mitarbeiter-title\">\r\n                            <h2>Dr. Wolfgang Gilhofer<\/h2>\r\n                        <\/div>\r\n                        <div class=\"mitarbeiter-job\">\r\n                            <h3 class=\"heading-size-4\">Facharzt f\u00fcr Allgemeinmedizin und Familienmedizin<\/h3>\r\n                        <\/div>\r\n                                                    <div class=\"wp-block-button is-style-outline\">\r\n                                <a class=\"wp-block-button__link mitarbeiter-link\" href=\"https:\/\/www.badvigaun.com\/en\/mitarbeiter\/dr-wolfgang-gilhofer\/\" title=\"Dr. Wolfgang Gilhofer\">Mehr Infos<\/a>\r\n                            <\/div>\r\n                                                                    <\/div>\r\n\r\n            <\/div>\r\n                    <div class=\"mitarbeiter-item\" data-aos=\"fade-up\" data-aos-duration=\"600\" data-aos-anchor-placement=\"top-center\">\r\n\r\n                    \t\t\t\t\t\t<div class=\"mitarbeiter-image\">\r\n\t\t\t\t\t\t\t<img decoding=\"async\" width=\"600\" height=\"900\" src=\"https:\/\/www.badvigaun.com\/wp-content\/uploads\/huber_lisa_dr_Z728223-600x900.jpg\" class=\"attachment-thumbnail-portrait size-thumbnail-portrait wp-post-image\" alt=\"Dr. Lisa Huber\" \/>\t\t\t\t\t\t<\/div>\r\n\t\t\t\t\t                    <div class=\"mitarbeiter-info\">\r\n                        <div class=\"mitarbeiter-title\">\r\n                            <h2>Dr. Lisa Huber<\/h2>\r\n                        <\/div>\r\n                        <div class=\"mitarbeiter-job\">\r\n                            <h3 class=\"heading-size-4\">\u00c4rztin f\u00fcr Allgemeinmedizin<\/h3>\r\n                        <\/div>\r\n                                                                    <\/div>\r\n\r\n            <\/div>\r\n                    <div class=\"mitarbeiter-item\" data-aos=\"fade-up\" data-aos-duration=\"600\" data-aos-anchor-placement=\"top-center\">\r\n\r\n                    \t\t\t\t\t\t<div class=\"mitarbeiter-image\">\r\n\t\t\t\t\t\t\t<img decoding=\"async\" width=\"500\" height=\"750\" src=\"https:\/\/www.badvigaun.com\/wp-content\/uploads\/aida-jelaska-1.jpg\" class=\"attachment-thumbnail-portrait size-thumbnail-portrait wp-post-image\" alt=\"Aida Jelaska\" srcset=\"https:\/\/www.badvigaun.com\/wp-content\/uploads\/aida-jelaska-1.jpg 500w, https:\/\/www.badvigaun.com\/wp-content\/uploads\/aida-jelaska-1-200x300.jpg 200w\" sizes=\"(max-width: 500px) 100vw, 500px\" \/>\t\t\t\t\t\t<\/div>\r\n\t\t\t\t\t                    <div class=\"mitarbeiter-info\">\r\n                        <div class=\"mitarbeiter-title\">\r\n                            <h2>Dr. Aida Jelaska, MSc<\/h2>\r\n                        <\/div>\r\n                        <div class=\"mitarbeiter-job\">\r\n                            <h3 class=\"heading-size-4\">Fach\u00e4rztin f\u00fcr Allgemeinmedizin und Familienmedizin<\/h3>\r\n                        <\/div>\r\n                                                    <div class=\"wp-block-button is-style-outline\">\r\n                                <a class=\"wp-block-button__link mitarbeiter-link\" href=\"https:\/\/www.badvigaun.com\/en\/mitarbeiter\/aida-jelaska-mag-sc-dr-med\/\" title=\"Dr. Aida Jelaska, MSc\">Mehr Infos<\/a>\r\n                            <\/div>\r\n                                                                    <\/div>\r\n\r\n            <\/div>\r\n                    <div class=\"mitarbeiter-item\" data-aos=\"fade-up\" data-aos-duration=\"600\" data-aos-anchor-placement=\"top-center\">\r\n\r\n                    \t\t\t\t\t\t<div class=\"mitarbeiter-image\">\r\n\t\t\t\t\t\t\t<img decoding=\"async\" width=\"500\" height=\"722\" src=\"https:\/\/www.badvigaun.com\/wp-content\/uploads\/klara-kvita-1.jpg\" class=\"attachment-thumbnail-portrait size-thumbnail-portrait wp-post-image\" alt=\"Klara Kvita\" srcset=\"https:\/\/www.badvigaun.com\/wp-content\/uploads\/klara-kvita-1.jpg 500w, https:\/\/www.badvigaun.com\/wp-content\/uploads\/klara-kvita-1-208x300.jpg 208w\" sizes=\"(max-width: 500px) 100vw, 500px\" \/>\t\t\t\t\t\t<\/div>\r\n\t\t\t\t\t                    <div class=\"mitarbeiter-info\">\r\n                        <div class=\"mitarbeiter-title\">\r\n                            <h2>Dr. Klara Kvita<\/h2>\r\n                        <\/div>\r\n                        <div class=\"mitarbeiter-job\">\r\n                            <h3 class=\"heading-size-4\">Fach\u00e4rztin f\u00fcr Allgemeinmedizin und Familienmedizin<\/h3>\r\n                        <\/div>\r\n                                                    <div class=\"wp-block-button is-style-outline\">\r\n                                <a class=\"wp-block-button__link mitarbeiter-link\" href=\"https:\/\/www.badvigaun.com\/en\/mitarbeiter\/dr-klara-kvita\/\" title=\"Dr. Klara Kvita\">Mehr Infos<\/a>\r\n                            <\/div>\r\n                                                                    <\/div>\r\n\r\n            <\/div>\r\n                    <div class=\"mitarbeiter-item\" data-aos=\"fade-up\" data-aos-duration=\"600\" data-aos-anchor-placement=\"top-center\">\r\n\r\n                    \t\t\t\t\t\t<div class=\"mitarbeiter-image\">\r\n\t\t\t\t\t\t\t<img decoding=\"async\" width=\"600\" height=\"900\" src=\"https:\/\/www.badvigaun.com\/wp-content\/uploads\/Pichler_Lukas_Dr-600x900.jpg\" class=\"attachment-thumbnail-portrait size-thumbnail-portrait wp-post-image\" alt=\"Dr. Lukas Pichler\" \/>\t\t\t\t\t\t<\/div>\r\n\t\t\t\t\t                    <div class=\"mitarbeiter-info\">\r\n                        <div class=\"mitarbeiter-title\">\r\n                            <h2>Dr. Lukas Pichler<\/h2>\r\n                        <\/div>\r\n                        <div class=\"mitarbeiter-job\">\r\n                            <h3 class=\"heading-size-4\">Facharzt f\u00fcr Allgemeinmedizin und Familienmedizin<\/h3>\r\n                        <\/div>\r\n                                                    <div class=\"wp-block-button is-style-outline\">\r\n                                <a class=\"wp-block-button__link mitarbeiter-link\" href=\"https:\/\/www.badvigaun.com\/en\/mitarbeiter\/dr-lukas-pichler\/\" title=\"Dr. Lukas Pichler\">Mehr Infos<\/a>\r\n                            <\/div>\r\n                                                                    <\/div>\r\n\r\n            <\/div>\r\n                    <div class=\"mitarbeiter-item\" data-aos=\"fade-up\" data-aos-duration=\"600\" data-aos-anchor-placement=\"top-center\">\r\n\r\n                    \t\t\t\t\t\t<div class=\"mitarbeiter-image\">\r\n\t\t\t\t\t\t\t<img decoding=\"async\" width=\"600\" height=\"900\" src=\"https:\/\/www.badvigaun.com\/wp-content\/uploads\/Z721522-600x900.jpg\" class=\"attachment-thumbnail-portrait size-thumbnail-portrait wp-post-image\" alt=\"Dr. Sigrun Schachenhofer\" srcset=\"https:\/\/www.badvigaun.com\/wp-content\/uploads\/Z721522-600x900.jpg 600w, https:\/\/www.badvigaun.com\/wp-content\/uploads\/Z721522-200x300.jpg 200w, https:\/\/www.badvigaun.com\/wp-content\/uploads\/Z721522-599x900.jpg 599w\" sizes=\"(max-width: 600px) 100vw, 600px\" \/>\t\t\t\t\t\t<\/div>\r\n\t\t\t\t\t                    <div class=\"mitarbeiter-info\">\r\n                        <div class=\"mitarbeiter-title\">\r\n                            <h2>Dr. Sigrun Schachenhofer<\/h2>\r\n                        <\/div>\r\n                        <div class=\"mitarbeiter-job\">\r\n                            <h3 class=\"heading-size-4\">Fach\u00e4rztin f\u00fcr Allgemeinmedizin und Familienmedizin<\/h3>\r\n                        <\/div>\r\n                                                    <div class=\"wp-block-button is-style-outline\">\r\n                                <a class=\"wp-block-button__link mitarbeiter-link\" href=\"https:\/\/www.badvigaun.com\/en\/mitarbeiter\/dr-sigrun-schachenhofer\/\" title=\"Dr. Sigrun Schachenhofer\">Mehr Infos<\/a>\r\n                            <\/div>\r\n                                                                    <\/div>\r\n\r\n            <\/div>\r\n                    <div class=\"mitarbeiter-item\" data-aos=\"fade-up\" data-aos-duration=\"600\" data-aos-anchor-placement=\"top-center\">\r\n\r\n                    \t\t\t\t\t\t<div class=\"mitarbeiter-image\">\r\n\t\t\t\t\t\t\t<img decoding=\"async\" width=\"600\" height=\"900\" src=\"https:\/\/www.badvigaun.com\/wp-content\/uploads\/schilchegger_monika_dr_allgemeinmed-600x900.jpg\" class=\"attachment-thumbnail-portrait size-thumbnail-portrait wp-post-image\" alt=\"Dr. Monika Schilchegger, \u00c4rztin f\u00fcr Allgemeinmedizin\" \/>\t\t\t\t\t\t<\/div>\r\n\t\t\t\t\t                    <div class=\"mitarbeiter-info\">\r\n                        <div class=\"mitarbeiter-title\">\r\n                            <h2>Dr. Monika Schilchegger<\/h2>\r\n                        <\/div>\r\n                        <div class=\"mitarbeiter-job\">\r\n                            <h3 class=\"heading-size-4\">Fach\u00e4rztin f\u00fcr Allgemeinmedizin und Familienmedizin<\/h3>\r\n                        <\/div>\r\n                                                    <div class=\"wp-block-button is-style-outline\">\r\n                                <a class=\"wp-block-button__link mitarbeiter-link\" href=\"https:\/\/www.badvigaun.com\/en\/mitarbeiter\/dr-monika-schilchegger\/\" title=\"Dr. Monika Schilchegger\">Mehr Infos<\/a>\r\n                            <\/div>\r\n                                                                    <\/div>\r\n\r\n            <\/div>\r\n                    <div class=\"mitarbeiter-item\" data-aos=\"fade-up\" data-aos-duration=\"600\" data-aos-anchor-placement=\"top-center\">\r\n\r\n                    \t\t\t\t\t\t<div class=\"mitarbeiter-image\">\r\n\t\t\t\t\t\t\t<img decoding=\"async\" width=\"500\" height=\"700\" src=\"https:\/\/www.badvigaun.com\/wp-content\/uploads\/charlotte-schoenlieb-1.jpg\" class=\"attachment-thumbnail-portrait size-thumbnail-portrait wp-post-image\" alt=\"Charlotte Sch\u00f6nlieb\" srcset=\"https:\/\/www.badvigaun.com\/wp-content\/uploads\/charlotte-schoenlieb-1.jpg 500w, https:\/\/www.badvigaun.com\/wp-content\/uploads\/charlotte-schoenlieb-1-214x300.jpg 214w\" sizes=\"(max-width: 500px) 100vw, 500px\" \/>\t\t\t\t\t\t<\/div>\r\n\t\t\t\t\t                    <div class=\"mitarbeiter-info\">\r\n                        <div class=\"mitarbeiter-title\">\r\n                            <h2>O\u00c4. Dr. Charlotte Sch\u00f6nlieb<\/h2>\r\n                        <\/div>\r\n                        <div class=\"mitarbeiter-job\">\r\n                            <h3 class=\"heading-size-4\">Fach\u00e4rztin f\u00fcr Innere Medizin<\/h3>\r\n                        <\/div>\r\n                                                    <div class=\"wp-block-button is-style-outline\">\r\n                                <a class=\"wp-block-button__link mitarbeiter-link\" href=\"https:\/\/www.badvigaun.com\/en\/mitarbeiter\/dr-charlotte-schoenlieb\/\" title=\"O\u00c4. Dr. Charlotte Sch\u00f6nlieb\">Mehr Infos<\/a>\r\n                            <\/div>\r\n                                                                    <\/div>\r\n\r\n            <\/div>\r\n                    <div class=\"mitarbeiter-item\" data-aos=\"fade-up\" data-aos-duration=\"600\" data-aos-anchor-placement=\"top-center\">\r\n\r\n                    \t\t\t\t\t\t<div class=\"mitarbeiter-image\">\r\n\t\t\t\t\t\t\t<img decoding=\"async\" width=\"600\" height=\"900\" src=\"https:\/\/www.badvigaun.com\/wp-content\/uploads\/Dr._Philipp_Schultschik_Z724948-600x900.jpg\" class=\"attachment-thumbnail-portrait size-thumbnail-portrait wp-post-image\" alt=\"\">\t\t\t\t\t\t<\/div>\r\n\t\t\t\t\t                    <div class=\"mitarbeiter-info\">\r\n                        <div class=\"mitarbeiter-title\">\r\n                            <h2>Dr. Philipp Schultschik<\/h2>\r\n                        <\/div>\r\n                        <div class=\"mitarbeiter-job\">\r\n                            <h3 class=\"heading-size-4\">Arzt f\u00fcr Allgemeinmedizin<\/h3>\r\n                        <\/div>\r\n                                                                    <\/div>\r\n\r\n            <\/div>\r\n                    <div class=\"mitarbeiter-item\" data-aos=\"fade-up\" data-aos-duration=\"600\" data-aos-anchor-placement=\"top-center\">\r\n\r\n                    \t\t\t\t\t\t<div class=\"mitarbeiter-image\">\r\n\t\t\t\t\t\t\t<img decoding=\"async\" width=\"600\" height=\"900\" src=\"https:\/\/www.badvigaun.com\/wp-content\/uploads\/struber_gerd_dr_allgemeinmed-600x900.jpg\" class=\"attachment-thumbnail-portrait size-thumbnail-portrait wp-post-image\" alt=\"Dr. Gerd Struber, Arzt f\u00fcr Allgemeinmedizin\" \/>\t\t\t\t\t\t<\/div>\r\n\t\t\t\t\t                    <div class=\"mitarbeiter-info\">\r\n                        <div class=\"mitarbeiter-title\">\r\n                            <h2>Dr. Gerd Struber<\/h2>\r\n                        <\/div>\r\n                        <div class=\"mitarbeiter-job\">\r\n                            <h3 class=\"heading-size-4\">Facharzt f\u00fcr Allgemeinmedizin und Familienmedizin<\/h3>\r\n                        <\/div>\r\n                                                    <div class=\"wp-block-button is-style-outline\">\r\n                                <a class=\"wp-block-button__link mitarbeiter-link\" href=\"https:\/\/www.badvigaun.com\/en\/mitarbeiter\/dr-gerd-struber\/\" title=\"Dr. Gerd Struber\">Mehr Infos<\/a>\r\n                            <\/div>\r\n                                                                    <\/div>\r\n\r\n            <\/div>\r\n            <\/div>\r\n","protected":false},"excerpt":{"rendered":"","protected":false},"author":17,"featured_media":0,"parent":6987,"menu_order":1,"comment_status":"closed","ping_status":"closed","template":"template-dp-full-width.php","meta":{"_acf_changed":false,"footnotes":""},"class_list":["post-6942","page","type-page","status-publish","has-post-thumbnail","hentry"],"acf":[],"publishpress_future_action":{"enabled":false,"date":"2026-05-09 11:00:39","action":"change-status","newStatus":"draft","terms":[],"taxonomy":"translation_priority","extraData":[]},"publishpress_future_workflow_manual_trigger":{"enabledWorkflows":[]},"_links":{"self":[{"href":"https:\/\/www.badvigaun.com\/en\/wp-json\/wp\/v2\/pages\/6942","targetHints":{"allow":["GET"]}}],"collection":[{"href":"https:\/\/www.badvigaun.com\/en\/wp-json\/wp\/v2\/pages"}],"about":[{"href":"https:\/\/www.badvigaun.com\/en\/wp-json\/wp\/v2\/types\/page"}],"author":[{"embeddable":true,"href":"https:\/\/www.badvigaun.com\/en\/wp-json\/wp\/v2\/users\/17"}],"replies":[{"embeddable":true,"href":"https:\/\/www.badvigaun.com\/en\/wp-json\/wp\/v2\/comments?post=6942"}],"version-history":[{"count":5,"href":"https:\/\/www.badvigaun.com\/en\/wp-json\/wp\/v2\/pages\/6942\/revisions"}],"predecessor-version":[{"id":7019,"href":"https:\/\/www.badvigaun.com\/en\/wp-json\/wp\/v2\/pages\/6942\/revisions\/7019"}],"up":[{"embeddable":true,"href":"https:\/\/www.badvigaun.com\/en\/wp-json\/wp\/v2\/pages\/6987"}],"wp:attachment":[{"href":"https:\/\/www.badvigaun.com\/en\/wp-json\/wp\/v2\/media?parent=6942"}],"curies":[{"name":"wp","href":"https:\/\/api.w.org\/{rel}","templated":true}]}}